{"version":"1.0","provider_name":"Energiekonzepte","provider_url":"https:\/\/www.energiekonzepte.ch\/en\/","author_name":"admin","author_url":"https:\/\/www.energiekonzepte.ch\/en\/author\/admin\/","title":"Studie sommerlicher W\u00e4rmeschutz in Alterszentren, Stadt Z\u00fcrich - Energiekonzepte","type":"rich","width":600,"height":338,"html":"<blockquote class=\"wp-embedded-content\" data-secret=\"yOcQsv4mC3\"><a href=\"https:\/\/www.energiekonzepte.ch\/en\/project\/studie-sommerlicher-waermeschutz-in-alterszentren\/\">Studie sommerlicher W\u00e4rmeschutz in Alterszentren, Stadt Z\u00fcrich<\/a><\/blockquote><iframe sandbox=\"allow-scripts\" security=\"restricted\" src=\"https:\/\/www.energiekonzepte.ch\/en\/project\/studie-sommerlicher-waermeschutz-in-alterszentren\/embed\/#?secret=yOcQsv4mC3\" width=\"600\" height=\"338\" title=\"&#8220;Studie sommerlicher W\u00e4rmeschutz in Alterszentren, Stadt Z\u00fcrich&#8221; &#8212; Energiekonzepte\" data-secret=\"yOcQsv4mC3\" frameborder=\"0\" marginwidth=\"0\" marginheight=\"0\" scrolling=\"no\" class=\"wp-embedded-content\"><\/iframe><script type=\"text\/javascript\">\n\/* <![CDATA[ *\/\n\/*! This file is auto-generated *\/\n!function(d,l){\"use strict\";l.querySelector&&d.addEventListener&&\"undefined\"!=typeof URL&&(d.wp=d.wp||{},d.wp.receiveEmbedMessage||(d.wp.receiveEmbedMessage=function(e){var t=e.data;if((t||t.secret||t.message||t.value)&&!\/[^a-zA-Z0-9]\/.test(t.secret)){for(var s,r,n,a=l.querySelectorAll('iframe[data-secret=\"'+t.secret+'\"]'),o=l.querySelectorAll('blockquote[data-secret=\"'+t.secret+'\"]'),c=new RegExp(\"^https?:$\",\"i\"),i=0;i<o.length;i++)o[i].style.display=\"none\";for(i=0;i<a.length;i++)s=a[i],e.source===s.contentWindow&&(s.removeAttribute(\"style\"),\"height\"===t.message?(1e3<(r=parseInt(t.value,10))?r=1e3:~~r<200&&(r=200),s.height=r):\"link\"===t.message&&(r=new URL(s.getAttribute(\"src\")),n=new URL(t.value),c.test(n.protocol))&&n.host===r.host&&l.activeElement===s&&(d.top.location.href=t.value))}},d.addEventListener(\"message\",d.wp.receiveEmbedMessage,!1),l.addEventListener(\"DOMContentLoaded\",function(){for(var e,t,s=l.querySelectorAll(\"iframe.wp-embedded-content\"),r=0;r<s.length;r++)(t=(e=s[r]).getAttribute(\"data-secret\"))||(t=Math.random().toString(36).substring(2,12),e.src+=\"#?secret=\"+t,e.setAttribute(\"data-secret\",t)),e.contentWindow.postMessage({message:\"ready\",secret:t},\"*\")},!1)))}(window,document);\n\/* ]]> *\/\n<\/script>\n","description":"Ausgangslage Der sommerliche W\u00e4rmeschutz in Alterszentren ist seit l\u00e4ngerem Gegenstand von Diskussionen. Vor dem Hintergrund erh\u00f6hter Sterblichkeit Hochaltriger in Hitzeperioden befassen sich verschiedene Arbeitsgruppen der Stadtverwaltung mit dem Thema. Mit der vorliegenden Studie wurden objektive Grundlagen geschaffen, auf denen k\u00fcnftige Standards und Richtlinien f\u00fcr den Neubau und die Sanierung von Alterszentren aufbauen k\u00f6nnen. Bis anhin [&hellip;]"}